{"version":"1.0","provider_name":"Teori ve Eylem","provider_url":"https:\/\/teoriveeylem.net\/tr","author_name":"admin","author_url":"https:\/\/teoriveeylem.net\/tr\/author\/admin\/","title":"100. y\u0131lda Kemalizm ve Cumhuriyete \u2018soldan\u2019 bak\u0131\u015f - Teori ve Eylem","type":"rich","width":600,"height":338,"html":"<blockquote class=\"wp-embedded-content\" data-secret=\"KDEHtNx9gy\"><a href=\"https:\/\/teoriveeylem.net\/tr\/2023\/11\/22\/100-yil\/\">100. y\u0131lda Kemalizm ve Cumhuriyete \u2018soldan\u2019 bak\u0131\u015f<\/a><\/blockquote><iframe sandbox=\"allow-scripts\" security=\"restricted\" src=\"https:\/\/teoriveeylem.net\/tr\/2023\/11\/22\/100-yil\/embed\/#?secret=KDEHtNx9gy\" width=\"600\" height=\"338\" title=\"&#8220;100. y\u0131lda Kemalizm ve Cumhuriyete \u2018soldan\u2019 bak\u0131\u015f&#8221; &#8212; Teori ve Eylem\" data-secret=\"KDEHtNx9gy\" frameborder=\"0\" marginwidth=\"0\" marginheight=\"0\" scrolling=\"no\" class=\"wp-embedded-content\"><\/iframe><script type=\"text\/javascript\">\n\/* <![CDATA[ *\/\n\/*! This file is auto-generated *\/\n!function(d,l){\"use strict\";l.querySelector&&d.addEventListener&&\"undefined\"!=typeof URL&&(d.wp=d.wp||{},d.wp.receiveEmbedMessage||(d.wp.receiveEmbedMessage=function(e){var t=e.data;if((t||t.secret||t.message||t.value)&&!\/[^a-zA-Z0-9]\/.test(t.secret)){for(var s,r,n,a=l.querySelectorAll('iframe[data-secret=\"'+t.secret+'\"]'),o=l.querySelectorAll('blockquote[data-secret=\"'+t.secret+'\"]'),c=new RegExp(\"^https?:$\",\"i\"),i=0;i<o.length;i++)o[i].style.display=\"none\";for(i=0;i<a.length;i++)s=a[i],e.source===s.contentWindow&&(s.removeAttribute(\"style\"),\"height\"===t.message?(1e3<(r=parseInt(t.value,10))?r=1e3:~~r<200&&(r=200),s.height=r):\"link\"===t.message&&(r=new URL(s.getAttribute(\"src\")),n=new URL(t.value),c.test(n.protocol))&&n.host===r.host&&l.activeElement===s&&(d.top.location.href=t.value))}},d.addEventListener(\"message\",d.wp.receiveEmbedMessage,!1),l.addEventListener(\"DOMContentLoaded\",function(){for(var e,t,s=l.querySelectorAll(\"iframe.wp-embedded-content\"),r=0;r<s.length;r++)(t=(e=s[r]).getAttribute(\"data-secret\"))||(t=Math.random().toString(36).substring(2,12),e.src+=\"#?secret=\"+t,e.setAttribute(\"data-secret\",t)),e.contentWindow.postMessage({message:\"ready\",secret:t},\"*\")},!1)))}(window,document);\n\/\/# sourceURL=https:\/\/teoriveeylem.net\/wp-includes\/js\/wp-embed.min.js\n\/* ]]> *\/\n<\/script>\n","thumbnail_url":"https:\/\/teoriveeylem.net\/wp-content\/uploads\/2023\/11\/01_Mustafa-Yalciner.jpg","thumbnail_width":1280,"thumbnail_height":852,"description":"Mustafa Yal\u00e7\u0131ner &nbsp; Cumhuriyetin 100. y\u0131l\u0131na Mustafa Kemal d\u00fc\u015fman\u0131 dinci gericili\u011fin egemenli\u011finde giriliyor. M. Kemal ve Kemalist hareketle uyu\u015fmazl\u0131klar\u0131 tart\u0131\u015fma g\u00f6t\u00fcrmez. Her \u015feyden \u00f6nce Kemalist hareket i\u015fgale u\u011frayan \u00fclkede emperyalizme kar\u015f\u0131 saf tutmu\u015fken, g\u00fcncel dinci tekelci gericilik i\u015fbirlik\u00e7idir. Ve ba\u015flang\u0131\u00e7ta iktidar\u0131n\u0131 sa\u011flamla\u015ft\u0131rmak i\u00e7in, dinci gericili\u011fin dayanaklar\u0131n\u0131 budam\u0131\u015f; bu kapsamda saltanat ve hilafeti kald\u0131rd\u0131\u011f\u0131 gibi, laiklik ilan edip din i\u015flerini Diyanet\u2019in [&hellip;]"}